{"id":2506,"date":"2025-02-19T11:34:41","date_gmt":"2025-02-19T08:34:41","guid":{"rendered":"https:\/\/www.saricakaya.bel.tr\/?page_id=2506"},"modified":"2025-02-19T11:34:41","modified_gmt":"2025-02-19T08:34:41","slug":"muhtarlarimiz","status":"publish","type":"page","link":"https:\/\/www.saricakaya.bel.tr\/?page_id=2506","title":{"rendered":"Muhtarlar\u0131m\u0131z"},"content":{"rendered":"<ul>\n<li>Bilal \u0130htiyar (Camikebir Mahallesi)<\/li>\n<li>Ahmet U\u00e7ak (Fatih Mahallesi)<\/li>\n<li>Azime Yaman (Yeni Mahalle)<\/li>\n<li>Abdullah Akar (Sar\u0131kaya Mahallesi)<\/li>\n<li>Mustafa U\u00e7ak (Bilal Habe\u015fi Mahallesi)<\/li>\n<li>M.Sad\u0131k Kaya (\u0130\u011fdir Mahallesi)<\/li>\n<li>Celal Ayd\u0131n (Kap\u0131kaya Mahallesi)<\/li>\n<li>Mehmet Y\u0131lmaz (Beyk\u00f6y Mahallesi)<\/li>\n<li>Dilek Tuncer (D\u00fczk\u00f6y Mahallesi)<\/li>\n<li>Taner Kurt (May\u0131slar Mahallesi)<\/li>\n<li>\u0130brahim Diri (Beyyayla Mahallesi)<\/li>\n<li>\u0130brahim Metin (G\u00fcneyk\u00f6y Mahallesi)<\/li>\n<li>Nazmi Bayram (La\u00e7in Mahallesi)<\/li>\n<\/ul>\n","protected":false},"excerpt":{"rendered":"<p>Bilal \u0130htiyar (Camikebir Mahallesi) Ahmet U\u00e7ak (Fatih Mahallesi) Azime Yaman (Yeni Mahalle) Abdullah Akar (Sar\u0131kaya Mahallesi) Mustafa U\u00e7ak (Bilal Habe\u015fi Mahallesi) M.Sad\u0131k Kaya (\u0130\u011fdir Mahallesi) Celal Ayd\u0131n (Kap\u0131kaya Mahallesi) Mehmet Y\u0131lmaz (Beyk\u00f6y Mahallesi) Dilek Tuncer (D\u00fczk\u00f6y Mahallesi) Taner Kurt (May\u0131slar Mahallesi) \u0130brahim Diri (Beyyayla Mahallesi) \u0130brahim Metin (G\u00fcneyk\u00f6y Mahallesi) Nazmi Bayram (La\u00e7in Mahallesi)<\/p>\n","protected":false},"author":1,"featured_media":0,"parent":0,"menu_order":0,"comment_status":"closed","ping_status":"closed","template":"","meta":{"footnotes":""},"class_list":["post-2506","page","type-page","status-publish","hentry"],"magazineBlocksPostFeaturedMedia":{"thumbnail":false,"medium":false,"medium_large":false,"large":false,"1536x1536":false,"2048x2048":false},"magazineBlocksPostAuthor":{"name":"saricakaya_basin","avatar":"https:\/\/secure.gravatar.com\/avatar\/f477459666d29c7d055fb47d561b67468c119cc769b9f5b294636e811d1a576c?s=96&d=mm&r=g"},"magazineBlocksPostCommentsNumber":false,"magazineBlocksPostExcerpt":"Bilal \u0130htiyar (Camikebir Mahallesi) Ahmet U\u00e7ak (Fatih Mahallesi) Azime Yaman (Yeni Mahalle) Abdullah Akar (Sar\u0131kaya Mahallesi) Mustafa U\u00e7ak (Bilal Habe\u015fi Mahallesi) M.Sad\u0131k Kaya (\u0130\u011fdir Mahallesi) Celal Ayd\u0131n (Kap\u0131kaya Mahallesi) Mehmet Y\u0131lmaz (Beyk\u00f6y Mahallesi) Dilek Tuncer (D\u00fczk\u00f6y Mahallesi) Taner Kurt (May\u0131slar Mahallesi) \u0130brahim Diri (Beyyayla Mahallesi) \u0130brahim Metin (G\u00fcneyk\u00f6y Mahallesi) Nazmi Bayram (La\u00e7in Mahallesi)","magazineBlocksPostCategories":[],"magazineBlocksPostViewCount":0,"magazineBlocksPostReadTime":1,"_links":{"self":[{"href":"https:\/\/www.saricakaya.bel.tr\/index.php?rest_route=\/wp\/v2\/pages\/2506","targetHints":{"allow":["GET"]}}],"collection":[{"href":"https:\/\/www.saricakaya.bel.tr\/index.php?rest_route=\/wp\/v2\/pages"}],"about":[{"href":"https:\/\/www.saricakaya.bel.tr\/index.php?rest_route=\/wp\/v2\/types\/page"}],"author":[{"embeddable":true,"href":"https:\/\/www.saricakaya.bel.tr\/index.php?rest_route=\/wp\/v2\/users\/1"}],"replies":[{"embeddable":true,"href":"https:\/\/www.saricakaya.bel.tr\/index.php?rest_route=%2Fwp%2Fv2%2Fcomments&post=2506"}],"version-history":[{"count":1,"href":"https:\/\/www.saricakaya.bel.tr\/index.php?rest_route=\/wp\/v2\/pages\/2506\/revisions"}],"predecessor-version":[{"id":2507,"href":"https:\/\/www.saricakaya.bel.tr\/index.php?rest_route=\/wp\/v2\/pages\/2506\/revisions\/2507"}],"wp:attachment":[{"href":"https:\/\/www.saricakaya.bel.tr\/index.php?rest_route=%2Fwp%2Fv2%2Fmedia&parent=2506"}],"curies":[{"name":"wp","href":"https:\/\/api.w.org\/{rel}","templated":true}]}}